{"id":1274,"date":"2021-08-30T23:00:40","date_gmt":"2021-08-30T21:00:40","guid":{"rendered":"https:\/\/www.jvdiana.de\/cm\/?page_id=1274"},"modified":"2025-05-02T13:37:40","modified_gmt":"2025-05-02T11:37:40","slug":"rehkitzrettung","status":"publish","type":"page","link":"https:\/\/www.jvdiana.de\/cm\/rehkitzrettung\/","title":{"rendered":"Kitzrettung \/ Drohnen"},"content":{"rendered":"<div id=\"attachment_1449\" style=\"width: 910px\" class=\"wp-caption alignnone\"><img loading=\"lazy\" decoding=\"async\" aria-describedby=\"caption-attachment-1449\" class=\"size-large wp-image-1449\" src=\"https:\/\/www.jvdiana.de\/cm\/wp-content\/uploads\/2022\/05\/DSC_0008-1024x680.jpg\" alt=\"Die beiden Drohnen mit W\u00e4rmebildkamera zur Rehkitzrettung, DJI Mavic 2 Enterprise Advanced.\" width=\"900\" height=\"598\" srcset=\"https:\/\/www.jvdiana.de\/cm\/wp-content\/uploads\/2022\/05\/DSC_0008-1024x680.jpg 1024w, https:\/\/www.jvdiana.de\/cm\/wp-content\/uploads\/2022\/05\/DSC_0008-300x199.jpg 300w, https:\/\/www.jvdiana.de\/cm\/wp-content\/uploads\/2022\/05\/DSC_0008-768x510.jpg 768w, https:\/\/www.jvdiana.de\/cm\/wp-content\/uploads\/2022\/05\/DSC_0008-1536x1020.jpg 1536w, https:\/\/www.jvdiana.de\/cm\/wp-content\/uploads\/2022\/05\/DSC_0008-2048x1360.jpg 2048w, https:\/\/www.jvdiana.de\/cm\/wp-content\/uploads\/2022\/05\/DSC_0008-150x100.jpg 150w, https:\/\/www.jvdiana.de\/cm\/wp-content\/uploads\/2022\/05\/DSC_0008-1200x797.jpg 1200w, https:\/\/www.jvdiana.de\/cm\/wp-content\/uploads\/2022\/05\/DSC_0008-400x266.jpg 400w\" sizes=\"auto, (max-width: 900px) 100vw, 900px\" \/><p id=\"caption-attachment-1449\" class=\"wp-caption-text\">Die Drohnensysteme mit W\u00e4rmebildkamera zur Rehkitzrettung, DJI Mavic 2 Enterprise Advanced, Foto: Matthias Bender<\/p><\/div>\n<p>Der Jagdverein Diana H\u00fcnfeld e.V. betreibt eine Drohnenstaffel mit derzeit 3 Systemen zur Wildtierettung. Insbesondere im Fr\u00fchjahr, vor der Mahd der Wiesen, sind die Mitglieder im Einsatz, um Rehkitze und Bodenbr\u00fcter vor dem M\u00e4htod zu retten.<\/p>\n<div id=\"attachment_1865\" style=\"width: 910px\" class=\"wp-caption alignnone\"><img loading=\"lazy\" decoding=\"async\" aria-describedby=\"caption-attachment-1865\" class=\"size-large wp-image-1865\" src=\"https:\/\/www.jvdiana.de\/cm\/wp-content\/uploads\/2024\/06\/DJI_mavic_3_enterprise-1024x768.jpg\" alt=\"Mavic 3 Enterprise in Aktion, Foto: Matthias Bender\" width=\"900\" height=\"675\" srcset=\"https:\/\/www.jvdiana.de\/cm\/wp-content\/uploads\/2024\/06\/DJI_mavic_3_enterprise-1024x768.jpg 1024w, https:\/\/www.jvdiana.de\/cm\/wp-content\/uploads\/2024\/06\/DJI_mavic_3_enterprise-300x225.jpg 300w, https:\/\/www.jvdiana.de\/cm\/wp-content\/uploads\/2024\/06\/DJI_mavic_3_enterprise-768x576.jpg 768w, https:\/\/www.jvdiana.de\/cm\/wp-content\/uploads\/2024\/06\/DJI_mavic_3_enterprise-1536x1152.jpg 1536w, https:\/\/www.jvdiana.de\/cm\/wp-content\/uploads\/2024\/06\/DJI_mavic_3_enterprise-2048x1536.jpg 2048w, https:\/\/www.jvdiana.de\/cm\/wp-content\/uploads\/2024\/06\/DJI_mavic_3_enterprise-150x113.jpg 150w, https:\/\/www.jvdiana.de\/cm\/wp-content\/uploads\/2024\/06\/DJI_mavic_3_enterprise-1200x900.jpg 1200w, https:\/\/www.jvdiana.de\/cm\/wp-content\/uploads\/2024\/06\/DJI_mavic_3_enterprise-400x300.jpg 400w\" sizes=\"auto, (max-width: 900px) 100vw, 900px\" \/><p id=\"caption-attachment-1865\" class=\"wp-caption-text\">DJI Mavic 3 Enterprise in Aktion, Foto: Matthias Bender<\/p><\/div>\n<p><strong>Kontakt<\/strong><\/p>\n<ul>\n<li>Anforderungen bitte (min. 1 Tag vorher) immer schriftlich \u00fcber das<br \/>\n<a href=\"https:\/\/www.jvdiana.de\/cm\/kontakt\/\">Kontaktformular (Betreff Rehkitzrettung ausw\u00e4hlen)<\/a><\/li>\n<li>Weitere Kontaktm\u00f6glichkeiten f\u00fcr R\u00fcckfragen:<br \/>\nE-Mail: <a href=\"mailto:kitzrettung@jv-diana.de\">kitzrettung@jv-diana.de<\/a><br \/>\nMobil + Whatsapp: +49 151 72 48 5387<\/li>\n<\/ul>\n<p><a href=\"https:\/\/ljv-hessen.de\/wp-content\/uploads\/2025\/04\/Kitzrettung_Broschuere2025.pdf\">Brosch\u00fcre des LJV Hessen zur Rehkitzrettung<\/a><\/p>\n<div id=\"attachment_1702\" style=\"width: 910px\" class=\"wp-caption alignnone\"><img loading=\"lazy\" decoding=\"async\" aria-describedby=\"caption-attachment-1702\" class=\"size-large wp-image-1702\" src=\"https:\/\/www.jvdiana.de\/cm\/wp-content\/uploads\/2023\/05\/kitzrettung-1024x768.jpeg\" alt=\"Ein gerettetes Kitz, Foto: Matthias Bender\" width=\"900\" height=\"675\" srcset=\"https:\/\/www.jvdiana.de\/cm\/wp-content\/uploads\/2023\/05\/kitzrettung-1024x768.jpeg 1024w, https:\/\/www.jvdiana.de\/cm\/wp-content\/uploads\/2023\/05\/kitzrettung-300x225.jpeg 300w, https:\/\/www.jvdiana.de\/cm\/wp-content\/uploads\/2023\/05\/kitzrettung-768x576.jpeg 768w, https:\/\/www.jvdiana.de\/cm\/wp-content\/uploads\/2023\/05\/kitzrettung-1536x1152.jpeg 1536w, https:\/\/www.jvdiana.de\/cm\/wp-content\/uploads\/2023\/05\/kitzrettung-150x113.jpeg 150w, https:\/\/www.jvdiana.de\/cm\/wp-content\/uploads\/2023\/05\/kitzrettung-1200x900.jpeg 1200w, https:\/\/www.jvdiana.de\/cm\/wp-content\/uploads\/2023\/05\/kitzrettung-400x300.jpeg 400w, https:\/\/www.jvdiana.de\/cm\/wp-content\/uploads\/2023\/05\/kitzrettung.jpeg 2048w\" sizes=\"auto, (max-width: 900px) 100vw, 900px\" \/><p id=\"caption-attachment-1702\" class=\"wp-caption-text\">Ein gerettetes Kitz, Foto: Matthias Bender<\/p><\/div>\n<p><strong>Warum Kitzrettung?<\/strong><\/p>\n<p><strong>Landwirte sind verpflichtet<\/strong> die <strong>Wiesen vor der Mahd abzusuchen<\/strong> \/ absuchen zu lassen. <strong>Warum?<\/strong> Die Antwort steckt im Paragraf 17 des Tierschutzgesetzes: <strong>Mit Freiheitsstrafe bis zu drei Jahren oder mit Geldstrafe wird bestraft, wer ein Wirbeltier ohne vern\u00fcnftigen Grund t\u00f6tet oder ihm aus Rohheit erhebliche Schmerzen oder Leiden zuf\u00fcgt.<\/strong><\/p>\n<ul>\n<li><a href=\"https:\/\/www.pirsch.de\/news\/rehkitze-getoetet-landwirt-zu-10000-euro-geldstrafe-verurteilt-35980\">Urteil 2021 &#8211; Bad Iburg, Kreis Osnabr\u00fcck &#8211; 10.000 Euro Strafe f\u00fcr Landwirt wegen 3 verm\u00e4hter Rehkitze<\/a><\/li>\n<\/ul>\n<div id=\"attachment_1705\" style=\"width: 650px\" class=\"wp-caption alignnone\"><img loading=\"lazy\" decoding=\"async\" aria-describedby=\"caption-attachment-1705\" class=\"wp-image-1705\" src=\"https:\/\/www.jvdiana.de\/cm\/wp-content\/uploads\/2023\/05\/20230518_kitzrettung_anja_bilstein-680x1024.jpg\" alt=\"Anja Bilstein rettet ein Kitz im Mai 2023. Wichtig ist das Kitz nicht mit blo\u00dfen H\u00e4nden anzufassen, Handschuhe zu benutzen und beim Umsetzen viel Gras zu nutzen, Foto: Matthias Bender\" width=\"640\" height=\"964\" srcset=\"https:\/\/www.jvdiana.de\/cm\/wp-content\/uploads\/2023\/05\/20230518_kitzrettung_anja_bilstein-680x1024.jpg 680w, https:\/\/www.jvdiana.de\/cm\/wp-content\/uploads\/2023\/05\/20230518_kitzrettung_anja_bilstein-199x300.jpg 199w, https:\/\/www.jvdiana.de\/cm\/wp-content\/uploads\/2023\/05\/20230518_kitzrettung_anja_bilstein-768x1156.jpg 768w, https:\/\/www.jvdiana.de\/cm\/wp-content\/uploads\/2023\/05\/20230518_kitzrettung_anja_bilstein-1020x1536.jpg 1020w, https:\/\/www.jvdiana.de\/cm\/wp-content\/uploads\/2023\/05\/20230518_kitzrettung_anja_bilstein-1360x2048.jpg 1360w, https:\/\/www.jvdiana.de\/cm\/wp-content\/uploads\/2023\/05\/20230518_kitzrettung_anja_bilstein-100x150.jpg 100w, https:\/\/www.jvdiana.de\/cm\/wp-content\/uploads\/2023\/05\/20230518_kitzrettung_anja_bilstein-1200x1807.jpg 1200w, https:\/\/www.jvdiana.de\/cm\/wp-content\/uploads\/2023\/05\/20230518_kitzrettung_anja_bilstein-400x602.jpg 400w, https:\/\/www.jvdiana.de\/cm\/wp-content\/uploads\/2023\/05\/20230518_kitzrettung_anja_bilstein-scaled.jpg 1700w\" sizes=\"auto, (max-width: 640px) 100vw, 640px\" \/><p id=\"caption-attachment-1705\" class=\"wp-caption-text\">Anja Bilstein rettet ein Kitz im Mai 2023. Wichtig ist, das Kitz nicht mit blo\u00dfen H\u00e4nden anzufassen, Handschuhe- und beim Umsetzen viel Gras zu nutzen, Foto: Matthias Bender<\/p><\/div>\n<p>&nbsp;<\/p>\n<p><strong>WICHTIGE INFOS &#8211; Bitte vor Anforderung lesen!!<\/strong><\/p>\n<p><strong>Wie das ganze funktioniert und alle weiteren Fragen m\u00f6chten wir hier erkl\u00e4ren:<\/strong><\/p>\n<p><strong>Wo ist unser Einsatzgebiet?<\/strong><br \/>\nWir sind f\u00fcr <strong>alle Reviere des Landkreises H\u00fcnfeld bzw. der Hegeringe im Jagdverein<\/strong> verf\u00fcgbar. Die Standorte der Staffeln befinden sich in Burghaun, Eiterfeld und Haunetal.<\/p>\n<p><strong>Wie kann ich ein Team anfordern?<\/strong><br \/>\nDie Koordination und Einsatzplanung der Teams wird zentral durchgef\u00fchrt. Eine Anforderung kann \u00fcber das <a href=\"https:\/\/www.jvdiana.de\/cm\/kontakt\/\">Kontaktformular (Betreff Rehkitzrettung)<\/a> auf der Homepage gestellt werden.<\/p>\n<p><strong>Was kostet das?<\/strong><br \/>\nMomentan ist <strong>der Einsatz der Teams ehrenamtlich<\/strong> und f\u00fcr J\u00e4ger + Landwirte <strong>kostenfrei<\/strong>. Die notwendige Ausr\u00fcstung, deren Unterhalt und alle Ausgaben werden vom Jagdverein Diana H\u00fcnfeld e.V. getragen.<\/p>\n<p><strong>Was sind die Voraussetzungen f\u00fcr die Suche?<\/strong><b><br \/>\n<\/b>Die Kitzrettung mit thermalgest\u00fctzter Drohnentechnik ist am Besten <strong>in den fr\u00fchen Morgenstunden m\u00f6glich, <\/strong>da hier der Temperaturunterschied der Rehkitze zur Umgebung relativ hoch ist. Eins\u00e4tze sp\u00e4ter am Tag sind grunds\u00e4tzlich auch m\u00f6glich, allerdings aufgrund Sonneneinstrahlung + Erw\u00e4rmung dann deutlich zeitaufwendiger -&gt;\u00a0 hier gibt es dann auch viele &#8222;vermeintliche&#8220; W\u00e4rmequellen (Maulwurfh\u00fcgel, Steine, Holz etc.) die dann teilweise aufwendig im Sichtbild gepr\u00fcft werden m\u00fcssen.<\/p>\n<p>Beispiel eines W\u00e4rme- und Sichtbild in den <strong>fr\u00fchen Morgenstunden, bei idealen Witterungsbedingungen<\/strong>:<\/p>\n<div id=\"attachment_1884\" style=\"width: 650px\" class=\"wp-caption alignnone\"><img loading=\"lazy\" decoding=\"async\" aria-describedby=\"caption-attachment-1884\" class=\"size-full wp-image-1884\" src=\"https:\/\/www.jvdiana.de\/cm\/wp-content\/uploads\/2024\/06\/waermebild_ideal.jpg\" alt=\"\" width=\"640\" height=\"512\" srcset=\"https:\/\/www.jvdiana.de\/cm\/wp-content\/uploads\/2024\/06\/waermebild_ideal.jpg 640w, https:\/\/www.jvdiana.de\/cm\/wp-content\/uploads\/2024\/06\/waermebild_ideal-300x240.jpg 300w, https:\/\/www.jvdiana.de\/cm\/wp-content\/uploads\/2024\/06\/waermebild_ideal-150x120.jpg 150w, https:\/\/www.jvdiana.de\/cm\/wp-content\/uploads\/2024\/06\/waermebild_ideal-350x280.jpg 350w, https:\/\/www.jvdiana.de\/cm\/wp-content\/uploads\/2024\/06\/waermebild_ideal-400x320.jpg 400w\" sizes=\"auto, (max-width: 640px) 100vw, 640px\" \/><p id=\"caption-attachment-1884\" class=\"wp-caption-text\">Das Kitz ist hier deutlich zu erkennen<\/p><\/div>\n<div id=\"attachment_1883\" style=\"width: 650px\" class=\"wp-caption alignnone\"><img loading=\"lazy\" decoding=\"async\" aria-describedby=\"caption-attachment-1883\" class=\"wp-image-1883\" src=\"https:\/\/www.jvdiana.de\/cm\/wp-content\/uploads\/2024\/06\/sichtbild_ideal-1024x768.jpg\" alt=\"\" width=\"640\" height=\"480\" srcset=\"https:\/\/www.jvdiana.de\/cm\/wp-content\/uploads\/2024\/06\/sichtbild_ideal-1024x768.jpg 1024w, https:\/\/www.jvdiana.de\/cm\/wp-content\/uploads\/2024\/06\/sichtbild_ideal-300x225.jpg 300w, https:\/\/www.jvdiana.de\/cm\/wp-content\/uploads\/2024\/06\/sichtbild_ideal-768x576.jpg 768w, https:\/\/www.jvdiana.de\/cm\/wp-content\/uploads\/2024\/06\/sichtbild_ideal-1536x1152.jpg 1536w, https:\/\/www.jvdiana.de\/cm\/wp-content\/uploads\/2024\/06\/sichtbild_ideal-2048x1536.jpg 2048w, https:\/\/www.jvdiana.de\/cm\/wp-content\/uploads\/2024\/06\/sichtbild_ideal-150x113.jpg 150w, https:\/\/www.jvdiana.de\/cm\/wp-content\/uploads\/2024\/06\/sichtbild_ideal-1200x900.jpg 1200w, https:\/\/www.jvdiana.de\/cm\/wp-content\/uploads\/2024\/06\/sichtbild_ideal-400x300.jpg 400w\" sizes=\"auto, (max-width: 640px) 100vw, 640px\" \/><p id=\"caption-attachment-1883\" class=\"wp-caption-text\">Auch im gezoomten Sichtbild ist das Kitz gut zu erkennen<\/p><\/div>\n<p>Beispiel eines W\u00e4rme- und Sichtbild am sp\u00e4ten Vormittag<strong>, bei suboptimalen Witterungsbedingungen<\/strong>:<\/p>\n<div id=\"attachment_1882\" style=\"width: 650px\" class=\"wp-caption alignnone\"><img loading=\"lazy\" decoding=\"async\" aria-describedby=\"caption-attachment-1882\" class=\"size-full wp-image-1882\" src=\"https:\/\/www.jvdiana.de\/cm\/wp-content\/uploads\/2024\/06\/waermebild_waerme.jpg\" alt=\"\" width=\"640\" height=\"512\" srcset=\"https:\/\/www.jvdiana.de\/cm\/wp-content\/uploads\/2024\/06\/waermebild_waerme.jpg 640w, https:\/\/www.jvdiana.de\/cm\/wp-content\/uploads\/2024\/06\/waermebild_waerme-300x240.jpg 300w, https:\/\/www.jvdiana.de\/cm\/wp-content\/uploads\/2024\/06\/waermebild_waerme-150x120.jpg 150w, https:\/\/www.jvdiana.de\/cm\/wp-content\/uploads\/2024\/06\/waermebild_waerme-350x280.jpg 350w, https:\/\/www.jvdiana.de\/cm\/wp-content\/uploads\/2024\/06\/waermebild_waerme-400x320.jpg 400w\" sizes=\"auto, (max-width: 640px) 100vw, 640px\" \/><p id=\"caption-attachment-1882\" class=\"wp-caption-text\">Der Punkt in der Mitte k\u00f6nnte als Kitz identifiziert werden, auch sieht man weiter rechts weitere wei\u00dfe Punkte, die man ggfs. detaillierter pr\u00fcfen muss.<\/p><\/div>\n<div id=\"attachment_1881\" style=\"width: 650px\" class=\"wp-caption alignnone\"><img loading=\"lazy\" decoding=\"async\" aria-describedby=\"caption-attachment-1881\" class=\"wp-image-1881\" src=\"https:\/\/www.jvdiana.de\/cm\/wp-content\/uploads\/2024\/06\/sichtbild_waerme-1024x768.jpg\" alt=\"\" width=\"640\" height=\"480\" srcset=\"https:\/\/www.jvdiana.de\/cm\/wp-content\/uploads\/2024\/06\/sichtbild_waerme-1024x768.jpg 1024w, https:\/\/www.jvdiana.de\/cm\/wp-content\/uploads\/2024\/06\/sichtbild_waerme-300x225.jpg 300w, https:\/\/www.jvdiana.de\/cm\/wp-content\/uploads\/2024\/06\/sichtbild_waerme-768x576.jpg 768w, https:\/\/www.jvdiana.de\/cm\/wp-content\/uploads\/2024\/06\/sichtbild_waerme-1536x1152.jpg 1536w, https:\/\/www.jvdiana.de\/cm\/wp-content\/uploads\/2024\/06\/sichtbild_waerme-2048x1536.jpg 2048w, https:\/\/www.jvdiana.de\/cm\/wp-content\/uploads\/2024\/06\/sichtbild_waerme-150x113.jpg 150w, https:\/\/www.jvdiana.de\/cm\/wp-content\/uploads\/2024\/06\/sichtbild_waerme-1200x900.jpg 1200w, https:\/\/www.jvdiana.de\/cm\/wp-content\/uploads\/2024\/06\/sichtbild_waerme-400x300.jpg 400w\" sizes=\"auto, (max-width: 640px) 100vw, 640px\" \/><p id=\"caption-attachment-1881\" class=\"wp-caption-text\">Mit dem gezoomten Sichtbild l\u00e4sst sich der wei\u00dfe Punkt aus dem W\u00e4rmebild als Erdhaufen identifizieren. M\u00fcssen hier viele solche Punkte genauer im Sichtbild gepr\u00fcft werden, kostet das Zeit und ist sehr viel aufwendiger als in den fr\u00fchen Morgenstunden bei Idealen Witterungsbedingungen.<\/p><\/div>\n<p>Wir ben\u00f6tigen <strong>mindestens einen Tag Vorlauf f\u00fcr Planung (Treffpunkt) und Koordination<\/strong>. Deshalb bitte <strong>fr\u00fchzeitig Kontakt aufnehmen<\/strong> und die Suche anmelden. <strong>Eine Suche am gleichen oder sp\u00e4ter am Tag kann im Zweifelsfall nicht mehr koordiniert \/ durchgef\u00fchrt werden!<\/strong><\/p>\n<p>Die <strong>Witterung<\/strong> sollte <strong>trocken (kein Nebel \/ Regen)<\/strong>\u00a0sein. <strong>Der Einsatz der Drohnen bei Regen oder starkem Nebel ist nicht m\u00f6glich<\/strong>. Die Drohnen sind <strong>nicht wasserdicht<\/strong>, die Elektronik kann hier Schaden nehmen. Wasser Tr\u00f6pfchen die sich durch Nebel an der Drohne sammeln, haben den gleichen Effekt, daher f\u00fchrt auch dichter Nebel dazu, das nicht geflogen werden kann. Mitunter ist die Drohne durch Nebel meist schon nach ein paar Metern nicht mehr sichtbar. M\u00f6gliche Einschr\u00e4nkungen kl\u00e4ren wir bei der Terminabsprache oder Vor Ort ab. (z.B. Flugbeschr\u00e4nkungen, Witterung, geografische Problemstellungen, Hochspannungsleitungen, Naturschutzgebiet,\u2026). F\u00fcr den Revierinhaber ist es wichtig Fl\u00e4chen entsprechend zu priorisieren und Wiesen, die besonders gef\u00e4hrdet sind, zu Beginn absuchen zu lassen. Hinweise auf Fl\u00e4chen \/ Bereiche in denen schon Jahre zuvor Rehkitze gefunden wurden sind immer hilfreich, da diese von Rehwild meistens erneut genutzt werden. Ebenfalls sind Hinweise zu Sichtungen von Rehwild \/ Rehkitzen in den Tagen zuvor immer hilfreich.<\/p>\n<p>Bitte halten Sie sich und <strong>2-3 ortskundige Helfer bereit<\/strong> und <strong>stellen ausreichend Beh\u00e4ltnisse (K\u00f6rbe, Kisten, Obststeigen, W\u00e4schek\u00f6rbe, Weinkisten, Klappboxen oder andere Beh\u00e4lter) zum Bergen der Kitze zur Verf\u00fcgung<\/strong>. Mittlerweile gibt es auch Kitzrettungstaschen. Mit diesen kann ein Kitz das schon etwas mobiler ist, vom Wiedereintritt in die Grasfl\u00e4che abgehalten werden. Ein gefundenes Kitz muss z\u00fcgig aus der Wiese geborgen werden, damit die Drohne ohne allzu gro\u00dfen Zeitverlust weiterfliegen kann (das spart Akku + verl\u00e4ngert den Drohneneinsatz). Die Rehkitze nur von der Fl\u00e4che zu bringen und &#8211; ohne Beh\u00e4ltniss &#8211; in ein angrenzendes Gebiet zu setzen wird nicht empfohlen, zumal die Rehkitze dann auch wieder auf die Fl\u00e4che zur\u00fcckkehren k\u00f6nnen.<\/p>\n<p><strong>Wie l\u00e4uft der Einsatz ab?<\/strong><br \/>\nWir treffen uns <strong>morgens, meist ab 06:00 Uhr an einem zuvor vereinbarten Treffpunkt<\/strong>. Wir stellen den Drohnenpiloten der die Drohnensteuerung, W\u00e4rmebildauswertung und Koordination \u00fcbernimmt. Die vom Auftraggeber \/ Revierinhaber zu stellenden <strong>Helfer werden eingewiesen<\/strong> und der Ablauf erkl\u00e4rt. Der Pilot f\u00fchrt die Pre-Flight Checks durch, pr\u00fcft die Witterung, Umgebung, das Gel\u00e4nde auf Hindernisse, ist dann einsatzbereit und startet die Drohne.<\/p>\n<p>Der Pilot fliegt dann die Fl\u00e4che ab, <strong>meldet einen Fund und pr\u00fcft diesen ggfs. vorab nochmal im Sichtbild <\/strong>(um Verwechslung z.B. mit Hasen oder sonstigen W\u00e4rmequellen auszuschlie\u00dfen). Bei einer positiven Best\u00e4tigung bleibt die Drohne \u00fcber dem Kitz stehen. Die Helfer, werden per WalkieTalkie \/ Funk \/ Handy zur Fundstelle eingewiesen um das Tier zu bergen. Das Rehkitz wird dann von den Helfern von der Fl\u00e4che verbracht. W\u00e4hrenddessen sucht der Pilot weiter. Ist die Fl\u00e4che komplett abgesucht fliegt der Pilot die Drohne zum Startpunkt zur\u00fcck, das <strong><a href=\"https:\/\/www.jvdiana.de\/cm\/wp-content\/uploads\/2022\/05\/bestaetigung_ueber_rehkitzrettung.pdf\">Formular zur Best\u00e4tigung des Drohneneinsatz<\/a> wird gemeinsam ausgef\u00fcllt<\/strong> und der Einsatz ist beendet.<\/p>\n<p><strong>Im Idealfall m\u00e4ht der Landwirt direkt im Anschluss die abgesuchte Fl\u00e4che. Findet die Mahd erst Stunden sp\u00e4ter statt, kann nicht ausgeschlossen werden, das erneut Rehkitze in der Fl\u00e4che sind.<\/strong><\/p>\n<p><strong>Ist die Mahd abgeschlossen obliegt es der Verantwortung des Revierinhabers \/ Auftraggebers die geborgenen und gesicherten Kitze wieder frei zu lassen!<\/strong><\/p>\n<p><strong>Kann ich die Drohnen auch ausleihen und selber fliegen?<\/strong><br \/>\nNein, das gesamte Equipment ist Eigentum des Jagdverein Diana H\u00fcnfeld und steht nicht zum Verleih zur Verf\u00fcgung.<br \/>\nUnsere Piloten haben die entsprechenden Legitimationen (Drohnenf\u00fchrerschein) und mittlerweile auch hunderte Stunden Flugerfahrung. Der Einsatz der Systeme erfordert zudem ein gutes technisches Verst\u00e4ndnis (durch Software Updates etc. ist das eine ganzj\u00e4hrige Aufgabe) und ein geschultes Auge, bzw. &#8222;den Blick&#8220; f\u00fcr das W\u00e4rmebild.<\/p>\n<p><strong>Bekomme ich garantiert einen Drohnenpiloten zugeteilt?<\/strong><\/p>\n<p>Dies ist abh\u00e4ngig von der Anzahl der Anfragen. Die Drohnen-Piloten werden in der Reihenfolge der Anforderung zugeteilt, d.h. wer sich zuerst meldet, dem wird die Drohne bei Verf\u00fcgbarkeit zugeteilt. Hei\u00dft, eine Garantie k\u00f6nnen wir nicht geben, wir bem\u00fchen uns aber alle Anfragen zu bedienen.<\/p>\n<p><strong>Wichtig! Bitte Anforderungen ausschlie\u00dflich mit Zustimmung des Revierinhabers vornehmen. Ebenso muss dann direkt im Anschluss auch verl\u00e4sslich gem\u00e4ht werden, da die Drohnen sonst unn\u00f6tig blockiert und an anderer Stelle besser eingesetzt worden w\u00e4ren.<\/strong><\/p>\n<p><strong>Wie zuverl\u00e4ssig ist die thermalgest\u00fctzte Drohnensuche?<\/strong><br \/>\nAuch auf die Suche mittels Drohne kann keine 100% Garantie gegeben werden, dass jedes Kitz gefunden wird. Dennoch sind unsere Erfolgsquoten au\u00dferordentlich gut und das wohl derzeit beste Mittel im Verh\u00e4ltnis zum Aufwand um den M\u00e4htod zu verhindern. Dennoch bitten wir zu beachten: Haben Sie bisher mit anderen Methoden erfolgreich gearbeitet (Kitzretter, Vergr\u00e4mung, Folien, Radio, Suche,\u2026 etc.) dann verwenden Sie das bitte auch weiterhin! <strong>Die Drohnengest\u00fctzte Thermalsuche soll lediglich eine Erg\u00e4nzung der schon vorhanden Mittel darstellen.<\/strong><\/p>\n<div id=\"attachment_1484\" style=\"width: 910px\" class=\"wp-caption alignnone\"><img loading=\"lazy\" decoding=\"async\" aria-describedby=\"caption-attachment-1484\" class=\"size-large wp-image-1484\" src=\"https:\/\/www.jvdiana.de\/cm\/wp-content\/uploads\/2022\/05\/20220514_vergraemungsmassnahmen-1024x680.jpg\" alt=\"Um in der Nacht vor der Mahd f\u00fcr Unruhe in der Wiese zu sorgen, eignen sich Windr\u00e4dchen, Raschelt\u00fcten und Flatterb\u00e4nder. M\u00fctter und ihre Jungen lieben die Ruhe und so werden Hasen und Ricken mit hoher Wahrscheinlichkeit nachts ihre Kleinen aus einer Wiese f\u00fchren, in der es quietscht und raschelt. Das Foto zeigt ein Beispiel f\u00fcr vorbildliche Vergr\u00e4mungsma\u00dfnahmen von Landwirt Martin Witzel im Mai 2022 (Haunetal-Wehrda), Foto: Matthias Bender\" width=\"900\" height=\"598\" srcset=\"https:\/\/www.jvdiana.de\/cm\/wp-content\/uploads\/2022\/05\/20220514_vergraemungsmassnahmen-1024x680.jpg 1024w, https:\/\/www.jvdiana.de\/cm\/wp-content\/uploads\/2022\/05\/20220514_vergraemungsmassnahmen-300x199.jpg 300w, https:\/\/www.jvdiana.de\/cm\/wp-content\/uploads\/2022\/05\/20220514_vergraemungsmassnahmen-768x510.jpg 768w, https:\/\/www.jvdiana.de\/cm\/wp-content\/uploads\/2022\/05\/20220514_vergraemungsmassnahmen-1536x1020.jpg 1536w, https:\/\/www.jvdiana.de\/cm\/wp-content\/uploads\/2022\/05\/20220514_vergraemungsmassnahmen-2048x1360.jpg 2048w, https:\/\/www.jvdiana.de\/cm\/wp-content\/uploads\/2022\/05\/20220514_vergraemungsmassnahmen-150x100.jpg 150w, https:\/\/www.jvdiana.de\/cm\/wp-content\/uploads\/2022\/05\/20220514_vergraemungsmassnahmen-1200x797.jpg 1200w, https:\/\/www.jvdiana.de\/cm\/wp-content\/uploads\/2022\/05\/20220514_vergraemungsmassnahmen-400x266.jpg 400w\" sizes=\"auto, (max-width: 900px) 100vw, 900px\" \/><p id=\"caption-attachment-1484\" class=\"wp-caption-text\">Um in der Nacht vor der Mahd f\u00fcr Unruhe in der Wiese zu sorgen, eignen sich Windr\u00e4dchen, Raschelt\u00fcten und Flatterb\u00e4nder. M\u00fctter und ihre Jungen lieben die Ruhe und so werden Hasen und Ricken mit hoher Wahrscheinlichkeit nachts ihre Kleinen aus einer Wiese f\u00fchren, in der es quietscht und raschelt. Das Foto zeigt ein Beispiel f\u00fcr vorbildliche Vergr\u00e4mungsma\u00dfnahmen von Landwirt Martin Witzel im Mai 2022 (Haunetal-Wehrda), Foto: Matthias Bender<\/p><\/div>\n<p><a href=\"https:\/\/www.youtube.com\/watch?v=Djcz2gT2UCA\">Video Tierschutztips f\u00fcr die Fr\u00fchmahd des Jagdverband.\u00a0<\/a><\/p>\n<p><strong>Kann ich bei euch mitmachen?<\/strong><br \/>\nKlar, sehr gerne! Die <strong>Drohnenteams freuen sich auf Unterst\u00fctzung<\/strong>, <strong>ganz gleich ob J\u00e4ger oder nicht<\/strong>. Aufgaben gibt es mehr als genug: Pilot, Koordinator, Helfer,\u2026! Interesse? Dann meldet Euch gerne \u00fcber das <a href=\"https:\/\/www.jvdiana.de\/cm\/kontakt\/\">Kontaktformular<\/a>.<\/p>\n<p><strong>Wichtige Infos &amp; Tipps f\u00fcr Helfer\u00a0<\/strong><\/p>\n<ol>\n<li><strong>Zeitliche Flexibilit\u00e4t<\/strong><br \/>\nDie Witterung spielt eine gro\u00dfe Rolle f\u00fcr den optimalen Zeitpunkt der Mahd. Die Landwirte m\u00fcssen meist sehr kurzfristig entschieden, wann sie m\u00e4hen. Deshalb erfahren wir oft erst am Tag zuvor, wann wir gebraucht werden.<\/li>\n<li><span style=\"font-family: Ubuntu;\"><strong>Die Helfer werden in der Regel sehr fr\u00fch am Morgen (6:00 Uhr) gebraucht<\/strong><br \/>\n<\/span>Die W\u00e4rmebildkamera zeigt Kitze und Jungwild nur dann sicher an, wenn ein m\u00f6glichst gr\u00f6\u00dfer Unterschied zwischen der Umgebungstemperatur und der Temperatur der K\u00f6rperoberfl\u00e4che der Tiere besteht. Sehr fr\u00fch am Tag ist es noch k\u00fchl genug und daher die Bedingungen ideal.<\/li>\n<li><strong>Bekleidung<\/strong><br \/>\nTrittsichere, wasserfeste Schuhe, eine m\u00f6glichst n\u00e4sseabweisende Hose, eine Jacke, Sonnencreme und eine Kappe \/ Kopfbedeckung wird empfohlen. Fr\u00fchmorgens ist es bisweilen recht k\u00fchl und die Wiesen vom Tau sehr nass und rutschig. Lange Hosen sind zudem ein guter Schutz gegen Zecken. Wenn die Sonne kr\u00e4ftiger wird, kann es schnell recht warm werden.<\/li>\n<li><strong>Verpflegung<\/strong><br \/>\nLiegt der Einsatzort weiter weg und ist die Wiese sehr gro\u00df, dann kann es bis zur R\u00fcckkehr nach Hause schon einmal etwas l\u00e4nger dauern. Das Bergen der Kitze im h\u00fcfthohen Gras ist \u00e4u\u00dferst anstrengend. Wenn es dann auch noch rasch hei\u00df wird, ist es wichtig ausreichend Fl\u00fcssigkeit und eine Brotzeit dabei zu haben, damit man fit bleibt.<\/li>\n<\/ol>\n<p><strong>Sollten Sie dar\u00fcber hinaus noch weitere Fragen haben, z\u00f6gern Sie nicht unseren Ansprechpartner f\u00fcr die Kitzrettung zu kontaktieren. Er ber\u00e4t Sie gerne und beantwortet Ihre Fragen.<\/strong><\/p>\n<p><img loading=\"lazy\" decoding=\"async\" class=\"size-full wp-image-1862\" src=\"https:\/\/www.jvdiana.de\/cm\/wp-content\/uploads\/2024\/06\/mb.jpg\" alt=\"\" width=\"200\" height=\"250\" srcset=\"https:\/\/www.jvdiana.de\/cm\/wp-content\/uploads\/2024\/06\/mb.jpg 200w, https:\/\/www.jvdiana.de\/cm\/wp-content\/uploads\/2024\/06\/mb-120x150.jpg 120w\" sizes=\"auto, (max-width: 200px) 100vw, 200px\" \/><\/p>\n<p>Matthias Bender<br \/>\nMobil &amp; Whatsapp: +49 151 72 48 5387<br \/>\nE-Mail: <a href=\"mailto:kitzrettung@jv-diana.de\">kitzrettung@jv-diana.de<\/a><\/p>\n","protected":false},"excerpt":{"rendered":"<p>Der Jagdverein Diana H\u00fcnfeld e.V. betreibt eine Drohnenstaffel mit derzeit 3 Systemen zur Wildtierettung. Insbesondere im Fr\u00fchjahr, vor der Mahd der Wiesen, sind die Mitglieder im Einsatz, um Rehkitze und Bodenbr\u00fcter vor dem M\u00e4htod zu retten. Kontakt Anforderungen bitte (min. 1 Tag vorher) immer schriftlich \u00fcber das Kontaktformular (Betreff Rehkitzrettung&#8230;<\/p>\n<p> <a class=\"continue-reading-link\" href=\"https:\/\/www.jvdiana.de\/cm\/rehkitzrettung\/\"><span>Weiterlesen&#8230;<\/span><i class=\"crycon-right-dir\"><\/i><\/a> <\/p>\n","protected":false},"author":1,"featured_media":1335,"parent":0,"menu_order":0,"comment_status":"closed","ping_status":"closed","template":"","meta":{"footnotes":""},"class_list":["post-1274","page","type-page","status-publish","has-post-thumbnail","hentry"],"_links":{"self":[{"href":"https:\/\/www.jvdiana.de\/cm\/wp-json\/wp\/v2\/pages\/1274","targetHints":{"allow":["GET"]}}],"collection":[{"href":"https:\/\/www.jvdiana.de\/cm\/wp-json\/wp\/v2\/pages"}],"about":[{"href":"https:\/\/www.jvdiana.de\/cm\/wp-json\/wp\/v2\/types\/page"}],"author":[{"embeddable":true,"href":"https:\/\/www.jvdiana.de\/cm\/wp-json\/wp\/v2\/users\/1"}],"replies":[{"embeddable":true,"href":"https:\/\/www.jvdiana.de\/cm\/wp-json\/wp\/v2\/comments?post=1274"}],"version-history":[{"count":44,"href":"https:\/\/www.jvdiana.de\/cm\/wp-json\/wp\/v2\/pages\/1274\/revisions"}],"predecessor-version":[{"id":1982,"href":"https:\/\/www.jvdiana.de\/cm\/wp-json\/wp\/v2\/pages\/1274\/revisions\/1982"}],"wp:featuredmedia":[{"embeddable":true,"href":"https:\/\/www.jvdiana.de\/cm\/wp-json\/wp\/v2\/media\/1335"}],"wp:attachment":[{"href":"https:\/\/www.jvdiana.de\/cm\/wp-json\/wp\/v2\/media?parent=1274"}],"curies":[{"name":"wp","href":"https:\/\/api.w.org\/{rel}","templated":true}]}}