{"id":9,"date":"2019-07-16T00:42:13","date_gmt":"2019-07-15T22:42:13","guid":{"rendered":"http:\/\/www.jvdiana.de\/cm\/?page_id=9"},"modified":"2026-04-21T23:27:16","modified_gmt":"2026-04-21T21:27:16","slug":"vorstand","status":"publish","type":"page","link":"https:\/\/www.jvdiana.de\/cm\/vorstand\/","title":{"rendered":"Vorstand"},"content":{"rendered":"<hr \/>\r\n<p><span style=\"display: inline !important; float: none; background-color: #ffffff; color: #333333; font-family: Georgia,'Bitstream Charter',serif; font-size: 18px; font-style: normal; font-variant: normal; font-weight: bold; letter-spacing: normal; line-height: 1.5; orphans: 2; text-align: left; text-decoration: none; text-indent: 0px; text-transform: none; -webkit-text-stroke-width: 0px; white-space: normal; word-spacing: 0px;\">1. Vorsitzende<\/span><u><\/u><\/p>\r\n<p><img loading=\"lazy\" decoding=\"async\" class=\"size-full wp-image-96 alignnone\" src=\"http:\/\/www.jvdiana.de\/cm\/wp-content\/uploads\/2019\/07\/vorstand_astrid_schneider-heil.jpg\" alt=\"\" width=\"200\" height=\"250\" srcset=\"https:\/\/www.jvdiana.de\/cm\/wp-content\/uploads\/2019\/07\/vorstand_astrid_schneider-heil.jpg 200w, https:\/\/www.jvdiana.de\/cm\/wp-content\/uploads\/2019\/07\/vorstand_astrid_schneider-heil-120x150.jpg 120w\" sizes=\"auto, (max-width: 200px) 100vw, 200px\" \/><\/p>\r\n<p>Astrid Schneider-Heil<br \/>Tel.: +49 151 535 76 485<\/p>\r\n<hr \/>\r\n<p><strong>2. Vorsitzender<\/strong><b><\/b><i><\/i><u><\/u><\/p>\r\n<p><img loading=\"lazy\" decoding=\"async\" class=\"alignnone wp-image-2065 size-full\" src=\"https:\/\/www.jvdiana.de\/cm\/wp-content\/uploads\/2026\/02\/vorstand_christopher_huefner.jpg\" alt=\"\" width=\"200\" height=\"250\" srcset=\"https:\/\/www.jvdiana.de\/cm\/wp-content\/uploads\/2026\/02\/vorstand_christopher_huefner.jpg 200w, https:\/\/www.jvdiana.de\/cm\/wp-content\/uploads\/2026\/02\/vorstand_christopher_huefner-120x150.jpg 120w\" sizes=\"auto, (max-width: 200px) 100vw, 200px\" \/><\/p>\r\n<p>Christopher H\u00fcfner<\/p>\r\n<hr \/>\r\n<p><span style=\"display: inline !important; float: none; background-color: #ffffff; color: #333333; font-family: Georgia,'Bitstream Charter',serif; font-size: 18px; font-style: normal; font-variant: normal; font-weight: bold; letter-spacing: normal; line-height: 1.5; orphans: 2; text-align: left; text-decoration: none; text-indent: 0px; text-transform: none; -webkit-text-stroke-width: 0px; white-space: normal; word-spacing: 0px;\">Kassenwart + Hundewesen + Ansprechpartner Versicherungen\u00a0<\/span><u><\/u><\/p>\r\n<p><img loading=\"lazy\" decoding=\"async\" class=\"alignnone wp-image-1624 size-full\" src=\"https:\/\/www.jvdiana.de\/cm\/wp-content\/uploads\/2023\/01\/vorstand_dominik_huefner.jpg\" alt=\"\" width=\"200\" height=\"250\" srcset=\"https:\/\/www.jvdiana.de\/cm\/wp-content\/uploads\/2023\/01\/vorstand_dominik_huefner.jpg 200w, https:\/\/www.jvdiana.de\/cm\/wp-content\/uploads\/2023\/01\/vorstand_dominik_huefner-120x150.jpg 120w\" sizes=\"auto, (max-width: 200px) 100vw, 200px\" \/><\/p>\r\n<p>Dominik H\u00fcfner<br \/>E-Mail: dominik.huefner[\u00e4dd]jv-diana.de<br \/>Mobil: +49 151 16 59 6666<\/p>\r\n<hr \/>\r\n<p><strong>Stellv. Kassenwart<\/strong><\/p>\r\n<p><img loading=\"lazy\" decoding=\"async\" class=\"alignnone wp-image-131 size-full\" src=\"https:\/\/www.jvdiana.de\/cm\/wp-content\/uploads\/2019\/07\/unknown.jpg\" alt=\"\" width=\"200\" height=\"250\" srcset=\"https:\/\/www.jvdiana.de\/cm\/wp-content\/uploads\/2019\/07\/unknown.jpg 200w, https:\/\/www.jvdiana.de\/cm\/wp-content\/uploads\/2019\/07\/unknown-120x150.jpg 120w\" sizes=\"auto, (max-width: 200px) 100vw, 200px\" \/><\/p>\r\n<p>Lisa Schmitt<\/p>\r\n<hr \/>\r\n<p><strong>Obmann f\u00fcr Jungj\u00e4gerausbildung<\/strong><\/p>\r\n<p><img loading=\"lazy\" decoding=\"async\" class=\"alignnone size-full wp-image-93\" src=\"https:\/\/www.jvdiana.de\/cm\/wp-content\/uploads\/2019\/07\/vorstand_patrick_figge.jpg\" alt=\"\" width=\"200\" height=\"250\" srcset=\"https:\/\/www.jvdiana.de\/cm\/wp-content\/uploads\/2019\/07\/vorstand_patrick_figge.jpg 200w, https:\/\/www.jvdiana.de\/cm\/wp-content\/uploads\/2019\/07\/vorstand_patrick_figge-120x150.jpg 120w\" sizes=\"auto, (max-width: 200px) 100vw, 200px\" \/><\/p>\r\n<p>Patrick Figge<br \/>Mobil: +49 171 28 15 041<\/p>\r\n<hr \/><!-- \/wp:post-content -->\r\n\r\n<!-- wp:paragraph -->\r\n<p><strong>Schriftf\u00fchrer<\/strong><\/p>\r\n<p><img loading=\"lazy\" decoding=\"async\" class=\"size-full wp-image-126 alignnone\" src=\"http:\/\/www.jvdiana.de\/cm\/wp-content\/uploads\/2019\/07\/vorstand_sebastian_kuehn.jpg\" alt=\"\" width=\"200\" height=\"250\" srcset=\"https:\/\/www.jvdiana.de\/cm\/wp-content\/uploads\/2019\/07\/vorstand_sebastian_kuehn.jpg 200w, https:\/\/www.jvdiana.de\/cm\/wp-content\/uploads\/2019\/07\/vorstand_sebastian_kuehn-120x150.jpg 120w\" sizes=\"auto, (max-width: 200px) 100vw, 200px\" \/><\/p>\r\n<p>Dr. Sebastian K\u00fchn<\/p>\r\n<hr \/>\r\n<p><strong>Stellv. Schriftf\u00fchrer<\/strong><\/p>\r\n<p><img loading=\"lazy\" decoding=\"async\" class=\"alignnone size-full wp-image-1539\" src=\"https:\/\/www.jvdiana.de\/cm\/wp-content\/uploads\/2022\/06\/vorstand_marcel_huder.jpg\" alt=\"\" width=\"200\" height=\"250\" srcset=\"https:\/\/www.jvdiana.de\/cm\/wp-content\/uploads\/2022\/06\/vorstand_marcel_huder.jpg 200w, https:\/\/www.jvdiana.de\/cm\/wp-content\/uploads\/2022\/06\/vorstand_marcel_huder-120x150.jpg 120w\" sizes=\"auto, (max-width: 200px) 100vw, 200px\" \/><\/p>\r\n<p>Marcel Huder<\/p>\r\n<hr \/>\r\n<p><strong><span style=\"font-family: Ubuntu;\">Obmann Schie\u00dfwesen<\/span><\/strong><\/p>\r\n<p><span style=\"font-family: Ubuntu;\"><img loading=\"lazy\" decoding=\"async\" class=\"alignnone wp-image-1587 size-full\" src=\"https:\/\/www.jvdiana.de\/cm\/wp-content\/uploads\/2022\/09\/vorstand_marcus_neuland.jpg\" alt=\"\" width=\"200\" height=\"250\" srcset=\"https:\/\/www.jvdiana.de\/cm\/wp-content\/uploads\/2022\/09\/vorstand_marcus_neuland.jpg 200w, https:\/\/www.jvdiana.de\/cm\/wp-content\/uploads\/2022\/09\/vorstand_marcus_neuland-120x150.jpg 120w\" sizes=\"auto, (max-width: 200px) 100vw, 200px\" \/><br \/>Marcus Neuland<br \/>Tel.:\u00a0 +49 6652 74 17 2<\/span><\/p>\r\n<hr \/>\r\n<p><span style=\"font-family: Ubuntu;\"><strong>Obmann Schie\u00dfwesen<\/strong><\/span><\/p>\r\n<p><span style=\"font-family: Ubuntu;\"><img loading=\"lazy\" decoding=\"async\" class=\"size-full wp-image-130 alignnone\" src=\"http:\/\/www.jvdiana.de\/cm\/wp-content\/uploads\/2019\/07\/vorstand_andreas_maul.jpg\" alt=\"\" width=\"200\" height=\"250\" srcset=\"https:\/\/www.jvdiana.de\/cm\/wp-content\/uploads\/2019\/07\/vorstand_andreas_maul.jpg 200w, https:\/\/www.jvdiana.de\/cm\/wp-content\/uploads\/2019\/07\/vorstand_andreas_maul-120x150.jpg 120w\" sizes=\"auto, (max-width: 200px) 100vw, 200px\" \/><br \/>Andreas Maul<br \/>Mobil: +49 174 39 64 263<\/span><\/p>\r\n<hr \/>\r\n<p><strong>Platzwart Schie\u00dfstand<\/strong><\/p>\r\n<p><img loading=\"lazy\" decoding=\"async\" class=\"size-full wp-image-131 alignnone\" src=\"http:\/\/www.jvdiana.de\/cm\/wp-content\/uploads\/2019\/07\/unknown.jpg\" alt=\"\" width=\"200\" height=\"250\" srcset=\"https:\/\/www.jvdiana.de\/cm\/wp-content\/uploads\/2019\/07\/unknown.jpg 200w, https:\/\/www.jvdiana.de\/cm\/wp-content\/uploads\/2019\/07\/unknown-120x150.jpg 120w\" sizes=\"auto, (max-width: 200px) 100vw, 200px\" \/><\/p>\r\n<p>Manfred Weinmeister<\/p>\r\n<p><span style=\"font-family: Ubuntu;\">Tel.: +49 6652 55 61<br \/>Mobil: +49 151 70 82 96 86<\/span><\/p>\r\n<hr \/>\r\n<p><strong>Presse, Internet und Ansprechpartner Rehkitzrettung<\/strong><\/p>\r\n<p><img loading=\"lazy\" decoding=\"async\" class=\"wp-image-1862 size-full\" src=\"https:\/\/www.jvdiana.de\/cm\/wp-content\/uploads\/2024\/06\/mb.jpg\" alt=\"\" width=\"200\" height=\"250\" srcset=\"https:\/\/www.jvdiana.de\/cm\/wp-content\/uploads\/2024\/06\/mb.jpg 200w, https:\/\/www.jvdiana.de\/cm\/wp-content\/uploads\/2024\/06\/mb-120x150.jpg 120w\" sizes=\"auto, (max-width: 200px) 100vw, 200px\" \/><\/p>\r\n<p>Matthias Bender<br \/>E-Mail: matthias.bender[\u00e4dd]jv-diana.de<\/p>\r\n<hr \/>\r\n<p><strong>Leitung Jagdhornbl\u00e4sergruppe<\/strong><\/p>\r\n<p><img loading=\"lazy\" decoding=\"async\" class=\"alignnone wp-image-2094 size-full\" src=\"https:\/\/www.jvdiana.de\/cm\/wp-content\/uploads\/2026\/04\/vorstand_georg_laibach.jpg\" alt=\"\" width=\"200\" height=\"250\" srcset=\"https:\/\/www.jvdiana.de\/cm\/wp-content\/uploads\/2026\/04\/vorstand_georg_laibach.jpg 200w, https:\/\/www.jvdiana.de\/cm\/wp-content\/uploads\/2026\/04\/vorstand_georg_laibach-120x150.jpg 120w\" sizes=\"auto, (max-width: 200px) 100vw, 200px\" \/><\/p>\r\n<p>Georg Laibach<br \/>Tel.: +49 6652 22 76<\/p>\r\n<hr \/>\r\n<p><strong>Hegegemeinschaft Rasdorf<\/strong><\/p>\r\n<p><img loading=\"lazy\" decoding=\"async\" class=\"alignnone wp-image-2067 size-full\" src=\"https:\/\/www.jvdiana.de\/cm\/wp-content\/uploads\/2026\/02\/vorstand_markus_wald.jpg\" alt=\"\" width=\"200\" height=\"250\" srcset=\"https:\/\/www.jvdiana.de\/cm\/wp-content\/uploads\/2026\/02\/vorstand_markus_wald.jpg 200w, https:\/\/www.jvdiana.de\/cm\/wp-content\/uploads\/2026\/02\/vorstand_markus_wald-120x150.jpg 120w\" sizes=\"auto, (max-width: 200px) 100vw, 200px\" \/><\/p>\r\n<p>Markus Wald<br \/>Tel.:\u00a0<br \/>Mobil:\u00a0<br \/>E-Mail: markus.wald[\u00e4dd]t-online.de<\/p>\r\n<hr \/>\r\n<p><strong>Hegering I, Oberamt<\/strong><\/p>\r\n<p><img loading=\"lazy\" decoding=\"async\" class=\"size-full wp-image-131 alignnone\" src=\"http:\/\/www.jvdiana.de\/cm\/wp-content\/uploads\/2019\/07\/unknown.jpg\" alt=\"\" width=\"200\" height=\"250\" srcset=\"https:\/\/www.jvdiana.de\/cm\/wp-content\/uploads\/2019\/07\/unknown.jpg 200w, https:\/\/www.jvdiana.de\/cm\/wp-content\/uploads\/2019\/07\/unknown-120x150.jpg 120w\" sizes=\"auto, (max-width: 200px) 100vw, 200px\" \/><\/p>\r\n<p>Andreas Vogel<br \/>Tel.: &#8211;<br \/>E-Mail: hegegemeinschaft.oberamt[\u00e4dd]gmx.de<\/p>\r\n<hr \/>\r\n<p><strong>Hegering II, H\u00fcnfeld<\/strong><\/p>\r\n<p><img loading=\"lazy\" decoding=\"async\" class=\"size-full wp-image-131 alignnone\" src=\"http:\/\/www.jvdiana.de\/cm\/wp-content\/uploads\/2019\/07\/unknown.jpg\" alt=\"\" width=\"200\" height=\"250\" srcset=\"https:\/\/www.jvdiana.de\/cm\/wp-content\/uploads\/2019\/07\/unknown.jpg 200w, https:\/\/www.jvdiana.de\/cm\/wp-content\/uploads\/2019\/07\/unknown-120x150.jpg 120w\" sizes=\"auto, (max-width: 200px) 100vw, 200px\" \/><\/p>\r\n<p>Offen<br \/>Tel.:\u00a0<\/p>\r\n<hr \/>\r\n<p><strong>Hegering III, Burghaun<\/strong><\/p>\r\n<p><img loading=\"lazy\" decoding=\"async\" class=\"wp-image-416 size-full alignnone\" src=\"http:\/\/www.jvdiana.de\/cm\/wp-content\/uploads\/2019\/07\/vorstand_jochen_wolff.jpg\" alt=\"Jochen Wolff\" width=\"200\" height=\"250\" srcset=\"https:\/\/www.jvdiana.de\/cm\/wp-content\/uploads\/2019\/07\/vorstand_jochen_wolff.jpg 200w, https:\/\/www.jvdiana.de\/cm\/wp-content\/uploads\/2019\/07\/vorstand_jochen_wolff-120x150.jpg 120w\" sizes=\"auto, (max-width: 200px) 100vw, 200px\" \/><\/p>\r\n<p>Jochen Wolff<br \/>Tel.: +49 6652 91 88 28<\/p>\r\n<hr \/>\r\n<p><strong>Hegering IV, Eiterfeld\u00a0<\/strong><\/p>\r\n<p><img loading=\"lazy\" decoding=\"async\" class=\"alignnone size-full wp-image-1535\" src=\"https:\/\/www.jvdiana.de\/cm\/wp-content\/uploads\/2022\/06\/vorstand_andreas_ritz.jpg\" alt=\"\" width=\"200\" height=\"250\" srcset=\"https:\/\/www.jvdiana.de\/cm\/wp-content\/uploads\/2022\/06\/vorstand_andreas_ritz.jpg 200w, https:\/\/www.jvdiana.de\/cm\/wp-content\/uploads\/2022\/06\/vorstand_andreas_ritz-120x150.jpg 120w\" sizes=\"auto, (max-width: 200px) 100vw, 200px\" \/><\/p>\r\n<p>Andreas Ritz<br \/>E-Mail:\u00a0andreas.ritz[\u00e4dd]jv-diana.de<\/p>\r\n<hr \/>\r\n<p><strong>Hegering Tann<\/strong><\/p>\r\n<p><img loading=\"lazy\" decoding=\"async\" class=\"wp-image-151 size-full alignnone\" src=\"http:\/\/www.jvdiana.de\/cm\/wp-content\/uploads\/2019\/07\/vorstand_stefan_heil.jpg\" alt=\"\" width=\"200\" height=\"250\" srcset=\"https:\/\/www.jvdiana.de\/cm\/wp-content\/uploads\/2019\/07\/vorstand_stefan_heil.jpg 200w, https:\/\/www.jvdiana.de\/cm\/wp-content\/uploads\/2019\/07\/vorstand_stefan_heil-120x150.jpg 120w\" sizes=\"auto, (max-width: 200px) 100vw, 200px\" \/><\/p>\r\n<p>Stefan Heil<br \/>Tel.: +49 661 65 59 4<\/p>\r\n<hr \/>\r\n<p><strong>Kreisjagdberater<\/strong><\/p>\r\n<p><img loading=\"lazy\" decoding=\"async\" class=\"alignnone wp-image-2003 size-full\" src=\"https:\/\/www.jvdiana.de\/cm\/wp-content\/uploads\/2025\/07\/markus_hillenbrand.jpg\" alt=\"\" width=\"200\" height=\"250\" srcset=\"https:\/\/www.jvdiana.de\/cm\/wp-content\/uploads\/2025\/07\/markus_hillenbrand.jpg 200w, https:\/\/www.jvdiana.de\/cm\/wp-content\/uploads\/2025\/07\/markus_hillenbrand-120x150.jpg 120w\" sizes=\"auto, (max-width: 200px) 100vw, 200px\" \/><\/p>\r\n<p>Markus Hillenbrand<br \/>Tel.: +49 170 1615750<\/p>\r\n<p>E-Mail: markus.hillenbrand[\u00e4dd]jv-diana.de<\/p>\r\n<hr \/>\r\n<p><strong>Naturschutzbeauftragter<\/strong><\/p>\r\n<p><img loading=\"lazy\" decoding=\"async\" class=\"alignnone size-full wp-image-1537\" src=\"https:\/\/www.jvdiana.de\/cm\/wp-content\/uploads\/2022\/06\/vorstand_frank_zoell.jpg\" alt=\"\" width=\"200\" height=\"250\" srcset=\"https:\/\/www.jvdiana.de\/cm\/wp-content\/uploads\/2022\/06\/vorstand_frank_zoell.jpg 200w, https:\/\/www.jvdiana.de\/cm\/wp-content\/uploads\/2022\/06\/vorstand_frank_zoell-120x150.jpg 120w\" sizes=\"auto, (max-width: 200px) 100vw, 200px\" \/><\/p>\r\n<p>Frank Z\u00f6ll<br \/>Mobil: +49 171 4771287<\/p>\r\n<p>&nbsp;<\/p>\r\n<!-- \/wp:paragraph -->","protected":false},"excerpt":{"rendered":"<p>1. Vorsitzende Astrid Schneider-HeilTel.: +49 151 535 76 485 2. Vorsitzender Christopher H\u00fcfner Kassenwart + Hundewesen + Ansprechpartner Versicherungen\u00a0 Dominik H\u00fcfnerE-Mail: dominik.huefner[\u00e4dd]jv-diana.deMobil: +49 151 16 59 6666 Stellv. Kassenwart Lisa Schmitt Obmann f\u00fcr Jungj\u00e4gerausbildung Patrick FiggeMobil: +49 171 28 15 041 Schriftf\u00fchrer Dr. Sebastian K\u00fchn Stellv. Schriftf\u00fchrer Marcel Huder Obmann&#8230;<\/p>\n<p> <a class=\"continue-reading-link\" href=\"https:\/\/www.jvdiana.de\/cm\/vorstand\/\"><span>Weiterlesen&#8230;<\/span><i class=\"crycon-right-dir\"><\/i><\/a> <\/p>\n","protected":false},"author":1,"featured_media":0,"parent":0,"menu_order":0,"comment_status":"closed","ping_status":"closed","template":"","meta":{"footnotes":""},"class_list":["post-9","page","type-page","status-publish","hentry"],"_links":{"self":[{"href":"https:\/\/www.jvdiana.de\/cm\/wp-json\/wp\/v2\/pages\/9","targetHints":{"allow":["GET"]}}],"collection":[{"href":"https:\/\/www.jvdiana.de\/cm\/wp-json\/wp\/v2\/pages"}],"about":[{"href":"https:\/\/www.jvdiana.de\/cm\/wp-json\/wp\/v2\/types\/page"}],"author":[{"embeddable":true,"href":"https:\/\/www.jvdiana.de\/cm\/wp-json\/wp\/v2\/users\/1"}],"replies":[{"embeddable":true,"href":"https:\/\/www.jvdiana.de\/cm\/wp-json\/wp\/v2\/comments?post=9"}],"version-history":[{"count":67,"href":"https:\/\/www.jvdiana.de\/cm\/wp-json\/wp\/v2\/pages\/9\/revisions"}],"predecessor-version":[{"id":2095,"href":"https:\/\/www.jvdiana.de\/cm\/wp-json\/wp\/v2\/pages\/9\/revisions\/2095"}],"wp:attachment":[{"href":"https:\/\/www.jvdiana.de\/cm\/wp-json\/wp\/v2\/media?parent=9"}],"curies":[{"name":"wp","href":"https:\/\/api.w.org\/{rel}","templated":true}]}}